{"id":203,"date":"2023-04-11T17:09:11","date_gmt":"2023-04-11T22:09:11","guid":{"rendered":"https:\/\/amblima.esteri.it\/news\/"},"modified":"2023-10-04T04:59:42","modified_gmt":"2023-10-04T09:59:42","slug":"news","status":"publish","type":"page","link":"https:\/\/amblima.esteri.it\/es\/news\/","title":{"rendered":"Noticias"},"content":{"rendered":"        <div class=\"row\">\n\t\t\t<!-- Ricerca sedi post -->\n\t\t\t<div class=\"col-12 mt-4\">\n\t\t\t  <div class=\"callout callout-highlight note ricerca-esteri p-4\">\n                    <div class=\"callout-title\">\n                        <svg class=\"icon\">\n                            <use xlink:href=\"https:\/\/amblima.esteri.it\/wp-content\/themes\/sedi-tema\/assets\/svg\/sprites.svg#it-search\"><\/use>\n                        <\/svg>Introduzca sus par\u00e1metros de b\u00fasqueda                    <\/div>\n                    <form id=\"searchFormPost\" name=\"form-search-post\" class=\"form-row align-items-center\" action=\"https:\/\/amblima.esteri.it\/es\/wp-json\/wp\/v2\/pages\/203\/\" method=\"GET\"> \n                        <!-- <div class=\"form-group pt-5\"> -->\n                            <!-- <input type=\"hidden\" id=\"lang\" name=\"lang\" value=\"\"> --> <!-- <\/div> -->\n\n                        <div class=\"it-datepicker-wrapper\">\n                            <div class=\"row\">\n                                <div class=\"form-group col-md-6\">\n                                    <label class=\"active\" for=\"date-init\">Desde el<\/label>\n                                    <input class=\"form-control\" name=\"date-init\" id=\"date-init\" type=\"date\" placeholder=\"gg\/mm\/aaaa\" value=\"\"lang=\"en-EN\">  \n                                <\/div>\n                                <div class=\"form-group col-md-6\">\n                                    <label class=\"active\" for=\"date-end\">Hacia<\/label>\n                                    <input class=\"form-control\" name=\"date-end\" id=\"date-end\" type=\"date\" placeholder=\"gg\/mm\/aaaa\" value=\"\">\n                                <\/div>\n                            <\/div>\n                        <\/div>\n                        <div class=\"form-group col-md-12 mt-3\">\n                            <label for=\"searchText\">Campo de b\u00fasqueda libre<\/label>\n                            <input type=\"text\" name=\"searchText\" class=\"form-control\" id=\"searchText\" value=\"\">\n                        <\/div>\n                        <div class=\"form-group col-md-4 offset-md-8 text-end\">\n                            <a href=\"https:\/\/amblima.esteri.it\/es\/news\/\" title=\"Form reset\" id=\"resetImput\" class=\"btn btn-outline-primary btn-xs\">Reset<\/a>\n                            <button type=\"submit\" class=\"btn btn-primary btn-xs\">Mostrar resultados<\/button>\n                        <\/div>\n                    <\/form>\n\t\t\t\t<\/div>\n\t\t\t<\/div>\n\t\t<\/div>\n                    \n            <div class=\"row\">\n                            <div class=\"col-12 mt-3\">\n                <!--start card-->\n                <div class=\"card-wrapper card-space\">\n                    <div class=\"card card-bg card-big border-bottom-card\">\n                        <div class=\"card-body \">\n                                                        <div class=\"category-top\">\n                                                                                                            <span class=\"\">\n                                        <svg class=\"icon icon-secondary\">\n                                            <use xlink:href=\"https:\/\/amblima.esteri.it\/wp-content\/themes\/sedi-tema\/assets\/svg\/sprites.svg#it-calendar\"><\/use>\n                                        <\/svg> 24 abril 2026                                    <\/span>\n                                                                    <\/div>\n                            <h5 class=\"card-title big-heading text-uppercase\"><a class=\"text-body text-decoration-none\" href=\"https:\/\/amblima.esteri.it\/es\/news\/dall_ambasciata\/2026\/04\/contribuciones-a-entidades-y-asociaciones-para-cursos-de-formacion-y-actualizacion-dirigidos-a-docentes-de-lengua-italiana-de-las-escuelas-locales\/\" title=\"Contribuciones a entidades y asociaciones para cursos de formaci\u00f3n y actualizaci\u00f3n, dirigidos a docentes de lengua italiana de las escuelas locales\">Contribuciones a entidades y asociaciones para cursos de formaci\u00f3n y actualizaci\u00f3n, dirigidos a docentes de lengua italiana de las escuelas locales<\/a><\/h5>\n                            <p class=\"card-text\">Instituciones que pueden presentar solicitud: Escuelas extranjeras y privadas, entidades gestoras\/promotoras, asociaciones de escuelas y asociaciones sin fines de lucro (incluidas las universidades, siempre que la actividad prevista est\u00e9 dirigida principalmente al personal docente de las escuelas locales). Solicitudes de contribuci\u00f3n para: organizaci\u00f3n de cursos de formaci\u00f3n, actualizaci\u00f3n y perfeccionamiento, dirigidos a docentes de lengua [&hellip;]<\/p>\n                                <a title=\"Contribuciones a entidades y asociaciones para cursos de formaci\u00f3n y actualizaci\u00f3n, dirigidos a docentes de lengua italiana de las escuelas locales\" class=\"read-more\" href=\"https:\/\/amblima.esteri.it\/es\/news\/dall_ambasciata\/2026\/04\/contribuciones-a-entidades-y-asociaciones-para-cursos-de-formacion-y-actualizacion-dirigidos-a-docentes-de-lengua-italiana-de-las-escuelas-locales\/\">\n                                    <span class=\"text\">Lee mas<\/span>\n                                    <svg class=\"icon\">\n                                    <use xlink:href=\"https:\/\/amblima.esteri.it\/wp-content\/themes\/sedi-tema\/assets\/svg\/sprites.svg#it-arrow-right\"><\/use>\n                                    <\/svg>\n                                <\/a>\n                                                    <\/div>\n                    <\/div>\n                <\/div>\n                <!--end card-->\n                <\/div><!-- col-12 .mt-3-->\n                            <div class=\"col-12 mt-3\">\n                <!--start card-->\n                <div class=\"card-wrapper card-space\">\n                    <div class=\"card card-bg card-big border-bottom-card\">\n                        <div class=\"card-body \">\n                                                        <div class=\"category-top\">\n                                                                                                            <span class=\"\">\n                                        <svg class=\"icon icon-secondary\">\n                                            <use xlink:href=\"https:\/\/amblima.esteri.it\/wp-content\/themes\/sedi-tema\/assets\/svg\/sprites.svg#it-calendar\"><\/use>\n                                        <\/svg> 23 abril 2026                                    <\/span>\n                                                                    <\/div>\n                            <h5 class=\"card-title big-heading text-uppercase\"><a class=\"text-body text-decoration-none\" href=\"https:\/\/amblima.esteri.it\/es\/news\/dall_ambasciata\/2026\/04\/atraccion-de-talento-internacional\/\" title=\"Atracci\u00f3n de talento internacional\">Atracci\u00f3n de talento internacional<\/a><\/h5>\n                            <p class=\"card-text\">El programa Invest Your Talent in Italy tiene como objetivo promover la internacionalizaci\u00f3n del sistema universitario italiano como centro de excelencia. Ofrece a los estudiantes extranjeros la oportunidad de una satisfactoria formaci\u00f3n y de una futura carrera exitosa. El programa combina estudios de maestr\u00eda y Master de posgrado en las \u00e1reas de ingenier\u00eda, econom\u00eda o [&hellip;]<\/p>\n                                <a title=\"Atracci\u00f3n de talento internacional\" class=\"read-more\" href=\"https:\/\/amblima.esteri.it\/es\/news\/dall_ambasciata\/2026\/04\/atraccion-de-talento-internacional\/\">\n                                    <span class=\"text\">Lee mas<\/span>\n                                    <svg class=\"icon\">\n                                    <use xlink:href=\"https:\/\/amblima.esteri.it\/wp-content\/themes\/sedi-tema\/assets\/svg\/sprites.svg#it-arrow-right\"><\/use>\n                                    <\/svg>\n                                <\/a>\n                                                    <\/div>\n                    <\/div>\n                <\/div>\n                <!--end card-->\n                <\/div><!-- col-12 .mt-3-->\n                            <div class=\"col-12 mt-3\">\n                <!--start card-->\n                <div class=\"card-wrapper card-space\">\n                    <div class=\"card card-bg card-big border-bottom-card\">\n                        <div class=\"card-body \">\n                                                        <div class=\"category-top\">\n                                                                                                            <span class=\"\">\n                                        <svg class=\"icon icon-secondary\">\n                                            <use xlink:href=\"https:\/\/amblima.esteri.it\/wp-content\/themes\/sedi-tema\/assets\/svg\/sprites.svg#it-calendar\"><\/use>\n                                        <\/svg> 25 marzo 2026                                    <\/span>\n                                                                    <\/div>\n                            <h5 class=\"card-title big-heading text-uppercase\"><a class=\"text-body text-decoration-none\" href=\"https:\/\/amblima.esteri.it\/es\/news\/dall_ambasciata\/2026\/03\/contribuciones-a-favor-de-las-instituciones-escolares-extranjeras-no-universitarias\/\" title=\"Contribuciones a favor de las instituciones escolares extranjeras (no universitarias)\">Contribuciones a favor de las instituciones escolares extranjeras (no universitarias)<\/a><\/h5>\n                            <p class=\"card-text\">Se encuentran disponibles contribuciones destinadas a la promoci\u00f3n y difusi\u00f3n de la lengua italiana. Por lo tanto, se invita a los interesados a leer atentamente lo siguiente: Instituciones que pueden presentar solicitud: instituciones educativas extranjeras (NO UNIVERSITARIAS). &nbsp; Solicitudes de contribuci\u00f3n para: la creaci\u00f3n y el mantenimiento de c\u00e1tedras de italiano en instituciones educativas extranjeras, [&hellip;]<\/p>\n                                <a title=\"Contribuciones a favor de las instituciones escolares extranjeras (no universitarias)\" class=\"read-more\" href=\"https:\/\/amblima.esteri.it\/es\/news\/dall_ambasciata\/2026\/03\/contribuciones-a-favor-de-las-instituciones-escolares-extranjeras-no-universitarias\/\">\n                                    <span class=\"text\">Lee mas<\/span>\n                                    <svg class=\"icon\">\n                                    <use xlink:href=\"https:\/\/amblima.esteri.it\/wp-content\/themes\/sedi-tema\/assets\/svg\/sprites.svg#it-arrow-right\"><\/use>\n                                    <\/svg>\n                                <\/a>\n                                                    <\/div>\n                    <\/div>\n                <\/div>\n                <!--end card-->\n                <\/div><!-- col-12 .mt-3-->\n                            <div class=\"col-12 mt-3\">\n                <!--start card-->\n                <div class=\"card-wrapper card-space\">\n                    <div class=\"card card-bg card-big border-bottom-card\">\n                        <div class=\"card-body \">\n                                                        <div class=\"category-top\">\n                                                                                                            <span class=\"\">\n                                        <svg class=\"icon icon-secondary\">\n                                            <use xlink:href=\"https:\/\/amblima.esteri.it\/wp-content\/themes\/sedi-tema\/assets\/svg\/sprites.svg#it-calendar\"><\/use>\n                                        <\/svg> 13 marzo 2026                                    <\/span>\n                                                                    <\/div>\n                            <h5 class=\"card-title big-heading text-uppercase\"><a class=\"text-body text-decoration-none\" href=\"https:\/\/amblima.esteri.it\/es\/news\/dall_ambasciata\/2026\/03\/becas-ofrecidas-por-el-gobierno-italiano-a-estudiantes-extranjeros-e-italianos-residentes-en-el-extranjero-para-el-ano-academico-2026-2027\/\" title=\"Becas ofrecidas por el Gobierno italiano a estudiantes extranjeros e italianos residentes en el extranjero para el a\u00f1o acad\u00e9mico 2026-2027\">Becas ofrecidas por el Gobierno italiano a estudiantes extranjeros e italianos residentes en el extranjero para el a\u00f1o acad\u00e9mico 2026-2027<\/a><\/h5>\n                            <p class=\"card-text\">El Ministerio de Asuntos Exteriores y de Cooperaci\u00f3n Internacional ha publicado una convocatoria para la concesi\u00f3n de becas ofrecidas por el Gobierno italiano a estudiantes extranjeros y a italianos residentes en el extranjero para el a\u00f1o acad\u00e9mico 2026\/2027. Toda la documentaci\u00f3n \u00fatil para participar en la convocatoria est\u00e1 disponible haciendo clic en la siguiente p\u00e1gina: [&hellip;]<\/p>\n                                <a title=\"Becas ofrecidas por el Gobierno italiano a estudiantes extranjeros e italianos residentes en el extranjero para el a\u00f1o acad\u00e9mico 2026-2027\" class=\"read-more\" href=\"https:\/\/amblima.esteri.it\/es\/news\/dall_ambasciata\/2026\/03\/becas-ofrecidas-por-el-gobierno-italiano-a-estudiantes-extranjeros-e-italianos-residentes-en-el-extranjero-para-el-ano-academico-2026-2027\/\">\n                                    <span class=\"text\">Lee mas<\/span>\n                                    <svg class=\"icon\">\n                                    <use xlink:href=\"https:\/\/amblima.esteri.it\/wp-content\/themes\/sedi-tema\/assets\/svg\/sprites.svg#it-arrow-right\"><\/use>\n                                    <\/svg>\n                                <\/a>\n                                                    <\/div>\n                    <\/div>\n                <\/div>\n                <!--end card-->\n                <\/div><!-- col-12 .mt-3-->\n                            <div class=\"col-12 mt-3\">\n                <!--start card-->\n                <div class=\"card-wrapper card-space\">\n                    <div class=\"card card-bg card-big border-bottom-card\">\n                        <div class=\"card-body \">\n                                                        <div class=\"category-top\">\n                                                                                                            <span class=\"\">\n                                        <svg class=\"icon icon-secondary\">\n                                            <use xlink:href=\"https:\/\/amblima.esteri.it\/wp-content\/themes\/sedi-tema\/assets\/svg\/sprites.svg#it-calendar\"><\/use>\n                                        <\/svg> 10 marzo 2026                                    <\/span>\n                                                                    <\/div>\n                            <h5 class=\"card-title big-heading text-uppercase\"><a class=\"text-body text-decoration-none\" href=\"https:\/\/amblima.esteri.it\/es\/news\/dall_ambasciata\/2026\/03\/bando-per-la-richiesta-di-contributi-e-premi-per-la-divulgazione-del-libro-italiano-e-per-la-traduzione-di-opere-letterarie-e-scientifiche-nonche-per-la-produzione-il-doppiaggio-e-la-sottotitolatura\/\" title=\"Bando per la richiesta di contributi e premi per la divulgazione del libro italiano e per la traduzione di opere letterarie e scientifiche, nonch\u00e9 per la produzione, il doppiaggio e la sottotitolatura di cortometraggi e lungometraggi e di serie televisive\">Bando per la richiesta di contributi e premi per la divulgazione del libro italiano e per la traduzione di opere letterarie e scientifiche, nonch\u00e9 per la produzione, il doppiaggio e la sottotitolatura di cortometraggi e lungometraggi e di serie televisive<\/a><\/h5>\n                            <p class=\"card-text\">\u00c8 stato pubblicato dal Ministero degli Affari Esteri e della Cooperazione internazionale il bando relativo alla concessione di premi e contributi in favore delle traduzioni in lingua straniera di opere letterarie e scientifiche (anche su supporto digitale), produzione, doppiaggio o sottotitolatura in lingua straniera di cortometraggi, lungometraggi e serie televisive destinati ai mezzi di comunicazione [&hellip;]<\/p>\n                                <a title=\"Bando per la richiesta di contributi e premi per la divulgazione del libro italiano e per la traduzione di opere letterarie e scientifiche, nonch\u00e9 per la produzione, il doppiaggio e la sottotitolatura di cortometraggi e lungometraggi e di serie televisive\" class=\"read-more\" href=\"https:\/\/amblima.esteri.it\/es\/news\/dall_ambasciata\/2026\/03\/bando-per-la-richiesta-di-contributi-e-premi-per-la-divulgazione-del-libro-italiano-e-per-la-traduzione-di-opere-letterarie-e-scientifiche-nonche-per-la-produzione-il-doppiaggio-e-la-sottotitolatura\/\">\n                                    <span class=\"text\">Lee mas<\/span>\n                                    <svg class=\"icon\">\n                                    <use xlink:href=\"https:\/\/amblima.esteri.it\/wp-content\/themes\/sedi-tema\/assets\/svg\/sprites.svg#it-arrow-right\"><\/use>\n                                    <\/svg>\n                                <\/a>\n                                                    <\/div>\n                    <\/div>\n                <\/div>\n                <!--end card-->\n                <\/div><!-- col-12 .mt-3-->\n                            <div class=\"col-12 mt-3\">\n                <!--start card-->\n                <div class=\"card-wrapper card-space\">\n                    <div class=\"card card-bg card-big border-bottom-card\">\n                        <div class=\"card-body \">\n                                                        <div class=\"category-top\">\n                                                                                                            <span class=\"\">\n                                        <svg class=\"icon icon-secondary\">\n                                            <use xlink:href=\"https:\/\/amblima.esteri.it\/wp-content\/themes\/sedi-tema\/assets\/svg\/sprites.svg#it-calendar\"><\/use>\n                                        <\/svg> 9 marzo 2026                                    <\/span>\n                                                                    <\/div>\n                            <h5 class=\"card-title big-heading text-uppercase\"><a class=\"text-body text-decoration-none\" href=\"https:\/\/amblima.esteri.it\/es\/news\/dall_ambasciata\/2026\/03\/referendum-constitucional-de-2026-emision-de-duplicados\/\" title=\"REFER\u00c9NDUM CONSTITUCIONAL DE 2026: EMISI\u00d3N DE DUPLICADOS\">REFER\u00c9NDUM CONSTITUCIONAL DE 2026: EMISI\u00d3N DE DUPLICADOS<\/a><\/h5>\n                            <p class=\"card-text\">Se informa que, A PARTIR DEL DOMINGO 8 DE MARZO DE 2026, los electores que no hayan recibido en su domicilio el sobre electoral para votar por correo, con ocasi\u00f3n del refer\u00e9ndum constitucional del 22 y 23 de marzo, podr\u00e1n solicitar un DUPLICADO a esta Embajada. La solicitud de duplicado podr\u00e1 ser presentada en persona [&hellip;]<\/p>\n                                <a title=\"REFER\u00c9NDUM CONSTITUCIONAL DE 2026: EMISI\u00d3N DE DUPLICADOS\" class=\"read-more\" href=\"https:\/\/amblima.esteri.it\/es\/news\/dall_ambasciata\/2026\/03\/referendum-constitucional-de-2026-emision-de-duplicados\/\">\n                                    <span class=\"text\">Lee mas<\/span>\n                                    <svg class=\"icon\">\n                                    <use xlink:href=\"https:\/\/amblima.esteri.it\/wp-content\/themes\/sedi-tema\/assets\/svg\/sprites.svg#it-arrow-right\"><\/use>\n                                    <\/svg>\n                                <\/a>\n                                                    <\/div>\n                    <\/div>\n                <\/div>\n                <!--end card-->\n                <\/div><!-- col-12 .mt-3-->\n                            <div class=\"col-12 mt-3\">\n                <!--start card-->\n                <div class=\"card-wrapper card-space\">\n                    <div class=\"card card-bg card-big border-bottom-card\">\n                        <div class=\"card-body \">\n                                                        <div class=\"category-top\">\n                                                                                                            <span class=\"\">\n                                        <svg class=\"icon icon-secondary\">\n                                            <use xlink:href=\"https:\/\/amblima.esteri.it\/wp-content\/themes\/sedi-tema\/assets\/svg\/sprites.svg#it-calendar\"><\/use>\n                                        <\/svg> 5 marzo 2026                                    <\/span>\n                                                                    <\/div>\n                            <h5 class=\"card-title big-heading text-uppercase\"><a class=\"text-body text-decoration-none\" href=\"https:\/\/amblima.esteri.it\/es\/news\/dall_ambasciata\/2026\/03\/aviso-situacion-migratoria-de-cooperantes-italianos-en-peru-2\/\" title=\"AVISO \u2013 SITUACI\u00d3N MIGRATORIA DE COOPERANTES ITALIANOS EN PER\u00da\">AVISO \u2013 SITUACI\u00d3N MIGRATORIA DE COOPERANTES ITALIANOS EN PER\u00da<\/a><\/h5>\n                            <p class=\"card-text\">Se informa a los conciudadanos residentes en Italia que tengan intenci\u00f3n de viajar a Per\u00fa como cooperantes para formar parte de proyectos a cargo de ONG u otras entidades\/instituciones, que el tr\u00e1mite administrativo para la obtenci\u00f3n del estatus migratorio de cooperante en Per\u00fa debe ser realizado por los propios interesados ante las autoridades peruanas competentes. [&hellip;]<\/p>\n                                <a title=\"AVISO \u2013 SITUACI\u00d3N MIGRATORIA DE COOPERANTES ITALIANOS EN PER\u00da\" class=\"read-more\" href=\"https:\/\/amblima.esteri.it\/es\/news\/dall_ambasciata\/2026\/03\/aviso-situacion-migratoria-de-cooperantes-italianos-en-peru-2\/\">\n                                    <span class=\"text\">Lee mas<\/span>\n                                    <svg class=\"icon\">\n                                    <use xlink:href=\"https:\/\/amblima.esteri.it\/wp-content\/themes\/sedi-tema\/assets\/svg\/sprites.svg#it-arrow-right\"><\/use>\n                                    <\/svg>\n                                <\/a>\n                                                    <\/div>\n                    <\/div>\n                <\/div>\n                <!--end card-->\n                <\/div><!-- col-12 .mt-3-->\n                            <div class=\"col-12 mt-3\">\n                <!--start card-->\n                <div class=\"card-wrapper card-space\">\n                    <div class=\"card card-bg card-big border-bottom-card\">\n                        <div class=\"card-body \">\n                                                        <div class=\"category-top\">\n                                                                                                            <span class=\"\">\n                                        <svg class=\"icon icon-secondary\">\n                                            <use xlink:href=\"https:\/\/amblima.esteri.it\/wp-content\/themes\/sedi-tema\/assets\/svg\/sprites.svg#it-calendar\"><\/use>\n                                        <\/svg> 4 marzo 2026                                    <\/span>\n                                                                    <\/div>\n                            <h5 class=\"card-title big-heading text-uppercase\"><a class=\"text-body text-decoration-none\" href=\"https:\/\/amblima.esteri.it\/es\/news\/dall_ambasciata\/2026\/03\/ultima-notizia-emergenza-covid-2\/\" title=\"PER\u00da: SITUACI\u00d3N DE EMERGENCIA\">PER\u00da: SITUACI\u00d3N DE EMERGENCIA<\/a><\/h5>\n                            <p class=\"card-text\">Se invitan a todos los ciudadanos italianos presentes temporalmente en Per\u00fa por cualquier motivo a registrar su presencia en el portal \u00abDove Siamo nel Mondo\u00bb (https:\/\/www.dovesiamonelmondo.it\/home.html) y a consultar peri\u00f3dicamente la p\u00e1gina de Viaggiare Sicuri (http:\/\/www.viaggiaresicuri.it\/country\/PER). Para obtener m\u00e1s informaci\u00f3n sobre los regresos a Italia y descargar la Autocertificaci\u00f3n para la entrada en Italia, consulte [&hellip;]<\/p>\n                                <a title=\"PER\u00da: SITUACI\u00d3N DE EMERGENCIA\" class=\"read-more\" href=\"https:\/\/amblima.esteri.it\/es\/news\/dall_ambasciata\/2026\/03\/ultima-notizia-emergenza-covid-2\/\">\n                                    <span class=\"text\">Lee mas<\/span>\n                                    <svg class=\"icon\">\n                                    <use xlink:href=\"https:\/\/amblima.esteri.it\/wp-content\/themes\/sedi-tema\/assets\/svg\/sprites.svg#it-arrow-right\"><\/use>\n                                    <\/svg>\n                                <\/a>\n                                                    <\/div>\n                    <\/div>\n                <\/div>\n                <!--end card-->\n                <\/div><!-- col-12 .mt-3-->\n                            <div class=\"col-12 mt-3\">\n                <!--start card-->\n                <div class=\"card-wrapper card-space\">\n                    <div class=\"card card-bg card-big border-bottom-card\">\n                        <div class=\"card-body \">\n                                                        <div class=\"category-top\">\n                                                                                                            <span class=\"\">\n                                        <svg class=\"icon icon-secondary\">\n                                            <use xlink:href=\"https:\/\/amblima.esteri.it\/wp-content\/themes\/sedi-tema\/assets\/svg\/sprites.svg#it-calendar\"><\/use>\n                                        <\/svg> 26 febrero 2026                                    <\/span>\n                                                                    <\/div>\n                            <h5 class=\"card-title big-heading text-uppercase\"><a class=\"text-body text-decoration-none\" href=\"https:\/\/amblima.esteri.it\/es\/news\/dall_ambasciata\/2026\/02\/promozione-dellitalofonia-richiesta-di-contributi-per-la-diffusione-della-lingua-italiana\/\" title=\"PROMOZIONE DELL\u2019ITALOFONIA &#8211; Richiesta di contributi per la diffusione della lingua italiana\">PROMOZIONE DELL\u2019ITALOFONIA &#8211; Richiesta di contributi per la diffusione della lingua italiana<\/a><\/h5>\n                            <p class=\"card-text\">Sono disponibili i contributi rivolti alla promozione e alla diffusione della lingua italiana. \u00a0Si invitano gli interessati a leggere attentamente quanto segue: CREAZIONE E FUNZIONAMENTO DI CATTEDRE DI ITALIANO Istituzioni che possono fare richiesta: istituzioni universitarie straniere. \u00a0 Richieste di contributi per: creazione e funzionamento di cattedre di italiano presso Universit\u00e0 straniere (cattedre e\/o corsi [&hellip;]<\/p>\n                                <a title=\"PROMOZIONE DELL\u2019ITALOFONIA &#8211; Richiesta di contributi per la diffusione della lingua italiana\" class=\"read-more\" href=\"https:\/\/amblima.esteri.it\/es\/news\/dall_ambasciata\/2026\/02\/promozione-dellitalofonia-richiesta-di-contributi-per-la-diffusione-della-lingua-italiana\/\">\n                                    <span class=\"text\">Lee mas<\/span>\n                                    <svg class=\"icon\">\n                                    <use xlink:href=\"https:\/\/amblima.esteri.it\/wp-content\/themes\/sedi-tema\/assets\/svg\/sprites.svg#it-arrow-right\"><\/use>\n                                    <\/svg>\n                                <\/a>\n                                                    <\/div>\n                    <\/div>\n                <\/div>\n                <!--end card-->\n                <\/div><!-- col-12 .mt-3-->\n                            <div class=\"col-12 mt-3\">\n                <!--start card-->\n                <div class=\"card-wrapper card-space\">\n                    <div class=\"card card-bg card-big border-bottom-card\">\n                        <div class=\"card-body \">\n                                                        <div class=\"category-top\">\n                                                                                                            <span class=\"\">\n                                        <svg class=\"icon icon-secondary\">\n                                            <use xlink:href=\"https:\/\/amblima.esteri.it\/wp-content\/themes\/sedi-tema\/assets\/svg\/sprites.svg#it-calendar\"><\/use>\n                                        <\/svg> 23 febrero 2026                                    <\/span>\n                                                                    <\/div>\n                            <h5 class=\"card-title big-heading text-uppercase\"><a class=\"text-body text-decoration-none\" href=\"https:\/\/amblima.esteri.it\/es\/news\/dall_ambasciata\/2026\/02\/commemorazione-dellambasciatore-luca-attanasio-del-carabiniere-scelto-vittorio-iacovacci-e-dellautista-mustapha-milambo-nel-quinto-anniversario-dalla-loro-scomparsa\/\" title=\"Commemorazione dell\u2019Ambasciatore Luca Attanasio, del Carabiniere Scelto Vittorio Iacovacci e dell\u2019autista Mustapha Milambo nel quinto anniversario dalla loro scomparsa\">Commemorazione dell\u2019Ambasciatore Luca Attanasio, del Carabiniere Scelto Vittorio Iacovacci e dell\u2019autista Mustapha Milambo nel quinto anniversario dalla loro scomparsa<\/a><\/h5>\n                            <p class=\"card-text\">Nel giorno del quinto anniversario della tragica scomparsa dell\u2019Ambasciatore Luca Attanasio e del Carabiniere Scelto Vittorio Iacovacci, la Farnesina, l\u2019Ambasciata a Lima e la rete diplomatica e consolare italiana nel mondo ne onorano la memoria. Si condivide il comunicato stampa della Farnesina. Il 22 febbraio \u00e8 ricorso il quinto anniversario della tragica scomparsa dell\u2019Ambasciatore Luca [&hellip;]<\/p>\n                                <a title=\"Commemorazione dell\u2019Ambasciatore Luca Attanasio, del Carabiniere Scelto Vittorio Iacovacci e dell\u2019autista Mustapha Milambo nel quinto anniversario dalla loro scomparsa\" class=\"read-more\" href=\"https:\/\/amblima.esteri.it\/es\/news\/dall_ambasciata\/2026\/02\/commemorazione-dellambasciatore-luca-attanasio-del-carabiniere-scelto-vittorio-iacovacci-e-dellautista-mustapha-milambo-nel-quinto-anniversario-dalla-loro-scomparsa\/\">\n                                    <span class=\"text\">Lee mas<\/span>\n                                    <svg class=\"icon\">\n                                    <use xlink:href=\"https:\/\/amblima.esteri.it\/wp-content\/themes\/sedi-tema\/assets\/svg\/sprites.svg#it-arrow-right\"><\/use>\n                                    <\/svg>\n                                <\/a>\n                                                    <\/div>\n                    <\/div>\n                <\/div>\n                <!--end card-->\n                <\/div><!-- col-12 .mt-3-->\n            \n            <div class=\"col-md-12 mt-4 pb-4\">\n                <nav class=\"navigation col-md-12\" aria-label=\"Navigation\">\n                    <h2 class=\"screen-reader-text visually-hidden\">Paginaci\u00f3n<\/h2>\n                    <div class=\"nav-links\">\n                    <span aria-current=\"page\" class=\"page-numbers current\">1<\/span>\n<a class=\"page-numbers\" href=\"https:\/\/amblima.esteri.it\/es\/wp-json\/wp\/v2\/pages\/203\/?pag=2\">2<\/a>\n<a class=\"page-numbers\" href=\"https:\/\/amblima.esteri.it\/es\/wp-json\/wp\/v2\/pages\/203\/?pag=3\">3<\/a>\n<span class=\"page-numbers dots\">&hellip;<\/span>\n<a class=\"page-numbers\" href=\"https:\/\/amblima.esteri.it\/es\/wp-json\/wp\/v2\/pages\/203\/?pag=39\">39<\/a>\n<a class=\"next page-numbers\" href=\"https:\/\/amblima.esteri.it\/es\/wp-json\/wp\/v2\/pages\/203\/?pag=2\"><svg class=\"icon icon-primary\"><use xlink:href=\"https:\/\/amblima.esteri.it\/wp-content\/themes\/sedi-tema\/assets\/svg\/sprites.svg#it-chevron-right\"><\/use><\/svg>\n                                    <span class=\"visually-hidden\">Siguiente p\u00e1gina<\/span><\/a>                    <\/div>\n                <\/nav>\n            <\/div>   <!--.col-md-12 -->\n              <\/div><!--.row -->\n              \n","protected":false},"excerpt":{"rendered":"","protected":false},"author":1,"featured_media":0,"parent":0,"menu_order":8,"comment_status":"closed","ping_status":"closed","template":"","meta":{"footnotes":""},"class_list":["post-203","page","type-page","status-publish","hentry"],"_links":{"self":[{"href":"https:\/\/amblima.esteri.it\/es\/wp-json\/wp\/v2\/pages\/203","targetHints":{"allow":["GET"]}}],"collection":[{"href":"https:\/\/amblima.esteri.it\/es\/wp-json\/wp\/v2\/pages"}],"about":[{"href":"https:\/\/amblima.esteri.it\/es\/wp-json\/wp\/v2\/types\/page"}],"author":[{"embeddable":true,"href":"https:\/\/amblima.esteri.it\/es\/wp-json\/wp\/v2\/users\/1"}],"replies":[{"embeddable":true,"href":"https:\/\/amblima.esteri.it\/es\/wp-json\/wp\/v2\/comments?post=203"}],"version-history":[{"count":1,"href":"https:\/\/amblima.esteri.it\/es\/wp-json\/wp\/v2\/pages\/203\/revisions"}],"predecessor-version":[{"id":242,"href":"https:\/\/amblima.esteri.it\/es\/wp-json\/wp\/v2\/pages\/203\/revisions\/242"}],"wp:attachment":[{"href":"https:\/\/amblima.esteri.it\/es\/wp-json\/wp\/v2\/media?parent=203"}],"curies":[{"name":"wp","href":"https:\/\/api.w.org\/{rel}","templated":true}]}}